{"id":16394,"date":"2019-02-01T08:47:37","date_gmt":"2019-02-01T06:47:37","guid":{"rendered":"https:\/\/wolfsmonitor.de\/?page_id=16394"},"modified":"2019-02-28T09:05:15","modified_gmt":"2019-02-28T07:05:15","slug":"beitraege-februar-2019","status":"publish","type":"page","link":"https:\/\/wolfsmonitor.de\/?page_id=16394","title":{"rendered":"Beitr\u00e4ge Februar 2019"},"content":{"rendered":"<div class=\"entry-content\">\n<p>Hier finden Sie alle Wolfsmonitor-Beitr\u00e4ge aus dem Februar 2019.<\/p>\n<ol>\n<li><a href=\"https:\/\/wolfsmonitor.de\/?p=16386\" target=\"_blank\" rel=\"noopener noreferrer\"><span style=\"color: #0000ff;\">Albrecht und Lies genehmigen Absch\u00fcsse \u2013 Erster Widerstand<\/span><\/a>, 1. Februar 2019<\/li>\n<li><a href=\"https:\/\/wolfsmonitor.de\/?p=16403\" target=\"_blank\" rel=\"noopener noreferrer\"><span style=\"color: #0000ff;\">Heimliche Entnahme eines Wolfes in Niedersachsen?<\/span><\/a> \u2013 GzSdW: \u201cFalsche Entscheidung korrigieren!\u201d, 1. Februar 2019<\/li>\n<li><a href=\"https:\/\/wolfsmonitor.de\/?p=16416\" target=\"_blank\" rel=\"noopener noreferrer\"><span style=\"color: #0000ff;\">Offener Brief an Olaf Lies: Wolfsberater beklagen Intransparenz der Genehmigung zum Abschuss eines Wolfs<\/span><\/a>, 2. Februar 2019<\/li>\n<li><span style=\"color: #0000ff;\"><a style=\"color: #0000ff;\" href=\"https:\/\/wolfsmonitor.de\/?p=16443\" target=\"_blank\" rel=\"noopener noreferrer\">92 Prozent halten Wolfsabschuss f\u00fcr falsch!<\/a><\/span>, 3. Februar 2019<\/li>\n<li><a href=\"https:\/\/wolfsmonitor.de\/?p=16453\" target=\"_blank\" rel=\"noopener noreferrer\"><span style=\"color: #0000ff;\">Stellungsnahme des niederl\u00e4ndischen Wolfssch\u00fctzen in den Medien<\/span><\/a>, 4. Februar 2019<\/li>\n<li><a href=\"https:\/\/wolfsmonitor.de\/?p=16474\" target=\"_blank\" rel=\"noopener noreferrer\"><span style=\"color: #0000ff;\">Einstweilige Verf\u00fcgung gegen Abschuss- Entscheidung in Niedersachsen<\/span><\/a>, 5. Februar 2019<\/li>\n<li><span style=\"color: #0000ff;\"><a style=\"color: #0000ff;\" href=\"https:\/\/wolfsmonitor.de\/?p=16488\" target=\"_blank\" rel=\"noopener noreferrer\">Weiterer Experte: &#8222;Zum Abschuss freigegebener Wolf ist kein Problemwolf!&#8220;<\/a><\/span>, 6. Februar 2019<\/li>\n<li><a href=\"https:\/\/wolfsmonitor.de\/?p=16504\" target=\"_blank\" rel=\"noopener noreferrer\"><span style=\"color: #0000ff;\">Emp\u00f6rung \u00fcber Freundeskreis freilebender W\u00f6lfe<\/span><\/a>, 7. Februar 2019<\/li>\n<li><a href=\"https:\/\/wolfsmonitor.de\/?p=16535\" target=\"_blank\" rel=\"noopener noreferrer\"><span style=\"color: #0000ff;\">Ex-Minister: Lies bringt m\u00f6glichen Sch\u00fctzen des Wolfes in Gefahr, rechtlich belangt zu werden<\/span><\/a>, 7. Februar 2019<\/li>\n<li><a href=\"https:\/\/wolfsmonitor.de\/?p=16542\" target=\"_blank\" rel=\"noopener noreferrer\"><span style=\"color: #0000ff;\">Im Gebiet des Rodewalder Rudels: Ungereimtheiten beim get\u00f6teten 200 Kilo-Pony<\/span>,<\/a> 8. Februar 2019<\/li>\n<li><a href=\"https:\/\/wolfsmonitor.de\/?p=16561\" target=\"_blank\" rel=\"noopener noreferrer\"><span style=\"color: #0000ff;\">Rodewalder Wolfsr\u00fcde: Genehmigung zum Abschuss ruht vorerst!<\/span><\/a>, 9. Februar 2019<\/li>\n<li><a href=\"https:\/\/wolfsmonitor.de\/?p=16572\" target=\"_blank\" rel=\"noopener noreferrer\"><span style=\"color: #0000ff;\">NOZ-Leserbrief: Ganz sch\u00f6n viel Meinung f\u00fcr so wenig Ahnung<\/span><\/a>, 10. Februar 2019<\/li>\n<li><a href=\"https:\/\/wolfsmonitor.de\/?p=16598\" target=\"_blank\" rel=\"noopener noreferrer\"><span style=\"color: #0000ff;\">CDU-Politiker Schm\u00e4deke \u00fcber die vorl\u00e4ufige Verhinderung des Wolfsabschusses: \u201eIch kann es nicht glauben\u201c<\/span><\/a>\u2026, 11. Februar 2019<\/li>\n<li><a href=\"https:\/\/wolfsmonitor.de\/?p=16580\" target=\"_blank\" rel=\"noopener noreferrer\"><span style=\"color: #0000ff;\">S\u00e4chsische Wolfsmanagement Verordnung: Entwurf abgelehnt!<\/span><\/a><span style=\"color: #0000ff;\">,<\/span> 11. Februar 2019<\/li>\n<li><a href=\"https:\/\/wolfsmonitor.de\/?p=16624\" target=\"_blank\" rel=\"noopener noreferrer\"><span style=\"color: #0000ff;\">Nieders\u00e4chsisches Umweltministerium: Nun gibt man sich offen!<\/span><\/a>, 12. Februar 2018<\/li>\n<li><span style=\"color: #0000ff;\"><a style=\"color: #0000ff;\" href=\"https:\/\/wolfsmonitor.de\/?p=16653\" target=\"_blank\" rel=\"noopener noreferrer\">NABU Schleswig-Holstein: Fragw\u00fcrdige Stellungnahme<\/a><\/span>, 13. Februar 2019<\/li>\n<li><a href=\"https:\/\/wolfsmonitor.de\/?p=16686\" target=\"_blank\" rel=\"noopener noreferrer\"><span style=\"color: #0000ff;\">&#8222;Problemw\u00f6lfe&#8220; und &#8222;wolfssichere Z\u00e4une&#8220;: Neues aus Schleswig-Hostein<\/span><\/a>, 14. Februar 2019<\/li>\n<li><span style=\"color: #0000ff;\"><a style=\"color: #0000ff;\" href=\"https:\/\/wolfsmonitor.de\/?p=16701\" target=\"_blank\" rel=\"noopener noreferrer\">Eilantrag des Freundeskreises abgewiesen: Abschuss-Verurteilung noch nicht rechtskr\u00e4ftig<\/a><\/span>, 15. Februar 2019<\/li>\n<li><a href=\"https:\/\/wolfsmonitor.de\/?p=16710\" target=\"_blank\" rel=\"noopener noreferrer\"><span style=\"color: #0000ff;\">Freundeskreis freilebender W\u00f6lfe legt Beschwerde gegen Abschuss-Entscheidung des Verwaltungsgerichts ein<\/span><\/a>, 16. Februar 2019<\/li>\n<li><a href=\"https:\/\/wolfsmonitor.de\/?p=16723\" target=\"_blank\" rel=\"noopener noreferrer\"><span style=\"color: #0000ff;\">Schnelle Eingreiftruppe Wolf im Einsatz<\/span><\/a>, 18. Februar 2019<\/li>\n<li><a href=\"https:\/\/wolfsmonitor.de\/?p=16731\" target=\"_blank\" rel=\"noopener noreferrer\"><span style=\"color: #0000ff;\">Was kostete der Wolf 2017?<\/span><\/a><span style=\"color: #0000ff;\">,<\/span> 19. Februar 2019<\/li>\n<li><a href=\"https:\/\/wolfsmonitor.de\/?p=16748\" target=\"_blank\" rel=\"noopener noreferrer\"><span style=\"color: #0000ff;\">W\u00f6lfe ziehen milit\u00e4rische \u00dcbungspl\u00e4tze Naturschutzgebieten vor<\/span><\/a>, 20. Februar 2019<\/li>\n<li><span style=\"color: #0000ff;\"><a style=\"color: #0000ff;\" href=\"https:\/\/wolfsmonitor.de\/?p=16759\" target=\"_blank\" rel=\"noopener noreferrer\">Zum Tode verurteilte W\u00f6lfe: Die Rechtslage<\/a><\/span>, 21. Februar 2019<\/li>\n<li><a href=\"https:\/\/wolfsmonitor.de\/?p=16766\" target=\"_blank\" rel=\"noopener noreferrer\"><span style=\"color: #0000ff;\">FDP-Antrag abgelehnt: Der Wolf kommt nicht ins Jagdrecht<\/span><\/a>, 21. Februar 2019<\/li>\n<li><a href=\"https:\/\/wolfsmonitor.de\/?p=16781\" target=\"_blank\" rel=\"noopener noreferrer\"><span style=\"color: #0000ff;\">Rodewalder Wolfsr\u00fcde darf abgeschossen werden<\/span><\/a>, 22. Februar 2019<\/li>\n<li><a href=\"https:\/\/wolfsmonitor.de\/?p=16791\" target=\"_blank\" rel=\"noopener noreferrer\"><span style=\"color: #0000ff;\">Abschuss-Entscheidung des OVG: Die Begr\u00fcndung!<\/span><\/a>, 23. Februar 2019<\/li>\n<li><a href=\"https:\/\/wolfsmonitor.de\/?p=16801\" target=\"_blank\" rel=\"noopener noreferrer\"><span style=\"color: #0000ff;\">Der Leser als Bauernopfer: Mit vereinten Kr\u00e4ften gegen Herdenschutz und Wolf<\/span><\/a>, 24. Februar 2019<\/li>\n<li><span style=\"color: #0000ff;\"><a style=\"color: #0000ff;\" href=\"https:\/\/wolfsmonitor.de\/?p=16821\" target=\"_blank\" rel=\"noopener noreferrer\">Zwei tote W\u00f6lfe im Freistaat Sachsen<\/a><\/span>, 25. Februar 2019<\/li>\n<li><span style=\"color: #0000ff;\"><a style=\"color: #0000ff;\" href=\"https:\/\/wolfsmonitor.de\/?p=16830\" target=\"_blank\" rel=\"noopener noreferrer\">Einfallslos und an den tats\u00e4chlich relevanten Problemen vorbei: FDP Niedersachsen<\/a><\/span>, 26. Februar 2019<\/li>\n<li><span style=\"color: #0000ff;\"><a style=\"color: #0000ff;\" href=\"https:\/\/wolfsmonitor.de\/?p=16848\" target=\"_blank\" rel=\"noopener noreferrer\">Nebenkriegs-Schauplatz: Herdenschutz vs. Bankenrettung<\/a><\/span>, 27. Februar 2019<\/li>\n<li>Abschusserlaubnis wird f\u00fcr beide W\u00f6lfe verl\u00e4ngert, 28. Februar 2019<\/li>\n<\/ol>\n<p>Sie k\u00f6nnen alle Beitr\u00e4ge auch nach \u201cKategorien\u201d geordnet aufrufen. Bitte nutzen Sie dazu die gleichnamige Auswahl in der rechten Seitenleiste!<\/p>\n<p>Viel Spa\u00df!<\/p>\n<p>Ihr<\/p>\n<p>J\u00fcrgen Vogler<\/p>\n<\/div>\n<div class=\"shariff shariff-align-center shariff-widget-align-center\" data-services=\"facebook%7Ctwitter\" data-url=\"https%3A%2F%2Fwolfsmonitor.de%2F%3Fpage_id%3D16394\" data-timestamp=\"1551344715\" data-backendurl=\"?rest_route=\/shariff\/v1\/share_counts&\"><ul class=\"shariff-buttons theme-color orientation-horizontal buttonsize-small\"><li class=\"shariff-button facebook shariff-nocustomcolor\" style=\"background-color:#4273c8\"><a href=\"https:\/\/www.facebook.com\/sharer\/sharer.php?u=https%3A%2F%2Fwolfsmonitor.de%2F%3Fpage_id%3D16394\" title=\"Bei Facebook teilen\" aria-label=\"Bei Facebook teilen\" role=\"button\" rel=\"nofollow\" class=\"shariff-link\" style=\"; background-color:#3b5998; color:#fff\" target=\"_blank\"><span class=\"shariff-icon\" style=\"\"><svg width=\"32px\" height=\"20px\" xmlns=\"http:\/\/www.w3.org\/2000\/svg\" viewBox=\"0 0 18 32\"><path fill=\"#3b5998\" d=\"M17.1 0.2v4.7h-2.8q-1.5 0-2.1 0.6t-0.5 1.9v3.4h5.2l-0.7 5.3h-4.5v13.6h-5.5v-13.6h-4.5v-5.3h4.5v-3.9q0-3.3 1.9-5.2t5-1.8q2.6 0 4.1 0.2z\"\/><\/svg><\/span><span class=\"shariff-text\">teilen<\/span>&nbsp;<span data-service=\"facebook\" style=\"color:#3b5998\" class=\"shariff-count shariff-hidezero\"><\/span>&nbsp;<\/a><\/li><li class=\"shariff-button twitter shariff-nocustomcolor\" style=\"background-color:#32bbf5\"><a href=\"https:\/\/twitter.com\/share?url=https%3A%2F%2Fwolfsmonitor.de%2F%3Fpage_id%3D16394&text=Beitr%C3%A4ge%20Februar%202019\" title=\"Bei Twitter teilen\" aria-label=\"Bei Twitter teilen\" role=\"button\" rel=\"noopener nofollow\" class=\"shariff-link\" style=\"; background-color:#55acee; color:#fff\" target=\"_blank\"><span class=\"shariff-icon\" style=\"\"><svg width=\"32px\" height=\"20px\" xmlns=\"http:\/\/www.w3.org\/2000\/svg\" viewBox=\"0 0 30 32\"><path fill=\"#55acee\" d=\"M29.7 6.8q-1.2 1.8-3 3.1 0 0.3 0 0.8 0 2.5-0.7 4.9t-2.2 4.7-3.5 4-4.9 2.8-6.1 1q-5.1 0-9.3-2.7 0.6 0.1 1.5 0.1 4.3 0 7.6-2.6-2-0.1-3.5-1.2t-2.2-3q0.6 0.1 1.1 0.1 0.8 0 1.6-0.2-2.1-0.4-3.5-2.1t-1.4-3.9v-0.1q1.3 0.7 2.8 0.8-1.2-0.8-2-2.2t-0.7-2.9q0-1.7 0.8-3.1 2.3 2.8 5.5 4.5t7 1.9q-0.2-0.7-0.2-1.4 0-2.5 1.8-4.3t4.3-1.8q2.7 0 4.5 1.9 2.1-0.4 3.9-1.5-0.7 2.2-2.7 3.4 1.8-0.2 3.5-0.9z\"\/><\/svg><\/span><span class=\"shariff-text\">twittern<\/span>&nbsp;<span data-service=\"twitter\" style=\"color:#55acee\" class=\"shariff-count shariff-hidezero\"><\/span>&nbsp;<\/a><\/li><li class=\"shariff-button rss shariff-nocustomcolor\" style=\"background-color:#ff8c00\"><a href=\"https:\/\/wolfsmonitor.de\/?feed=rss\" title=\"RSS-feed\" aria-label=\"RSS-feed\" role=\"button\" class=\"shariff-link\" style=\"; background-color:#fe9312; color:#fff\" target=\"_blank\"><span class=\"shariff-icon\" style=\"\"><svg width=\"32px\" height=\"20px\" xmlns=\"http:\/\/www.w3.org\/2000\/svg\" viewBox=\"0 0 32 32\"><path fill=\"#fe9312\" d=\"M4.3 23.5c-2.3 0-4.3 1.9-4.3 4.3 0 2.3 1.9 4.2 4.3 4.2 2.4 0 4.3-1.9 4.3-4.2 0-2.3-1.9-4.3-4.3-4.3zM0 10.9v6.1c4 0 7.7 1.6 10.6 4.4 2.8 2.8 4.4 6.6 4.4 10.6h6.2c0-11.7-9.5-21.1-21.1-21.1zM0 0v6.1c14.2 0 25.8 11.6 25.8 25.9h6.2c0-17.6-14.4-32-32-32z\"\/><\/svg><\/span><span class=\"shariff-text\">RSS-feed<\/span>&nbsp;<\/a><\/li><li class=\"shariff-button mailto shariff-nocustomcolor\" style=\"background-color:#a8a8a8\"><a href=\"mailto:?body=https%3A%2F%2Fwolfsmonitor.de%2F%3Fpage_id%3D16394&subject=Beitr%C3%A4ge%20Februar%202019\" title=\"Per E-Mail versenden\" aria-label=\"Per E-Mail versenden\" role=\"button\" rel=\"noopener nofollow\" class=\"shariff-link\" style=\"; background-color:#999; color:#fff\"><span class=\"shariff-icon\" style=\"\"><svg width=\"32px\" height=\"20px\" xmlns=\"http:\/\/www.w3.org\/2000\/svg\" viewBox=\"0 0 32 32\"><path fill=\"#999\" d=\"M32 12.7v14.2q0 1.2-0.8 2t-2 0.9h-26.3q-1.2 0-2-0.9t-0.8-2v-14.2q0.8 0.9 1.8 1.6 6.5 4.4 8.9 6.1 1 0.8 1.6 1.2t1.7 0.9 2 0.4h0.1q0.9 0 2-0.4t1.7-0.9 1.6-1.2q3-2.2 8.9-6.1 1-0.7 1.8-1.6zM32 7.4q0 1.4-0.9 2.7t-2.2 2.2q-6.7 4.7-8.4 5.8-0.2 0.1-0.7 0.5t-1 0.7-0.9 0.6-1.1 0.5-0.9 0.2h-0.1q-0.4 0-0.9-0.2t-1.1-0.5-0.9-0.6-1-0.7-0.7-0.5q-1.6-1.1-4.7-3.2t-3.6-2.6q-1.1-0.7-2.1-2t-1-2.5q0-1.4 0.7-2.3t2.1-0.9h26.3q1.2 0 2 0.8t0.9 2z\"\/><\/svg><\/span><span class=\"shariff-text\">E-Mail<\/span>&nbsp;<\/a><\/li><li class=\"shariff-button info shariff-nocustomcolor\" style=\"background-color:#a8a8a8\"><a href=\"http:\/\/ct.de\/-2467514\" title=\"Weitere Informationen\" aria-label=\"Weitere Informationen\" role=\"button\" rel=\"noopener \" class=\"shariff-link\" style=\"; background-color:#999; color:#fff\" target=\"_blank\"><span class=\"shariff-icon\" style=\"\"><svg width=\"32px\" height=\"20px\" xmlns=\"http:\/\/www.w3.org\/2000\/svg\" viewBox=\"0 0 11 32\"><path fill=\"#999\" d=\"M11.4 24v2.3q0 0.5-0.3 0.8t-0.8 0.4h-9.1q-0.5 0-0.8-0.4t-0.4-0.8v-2.3q0-0.5 0.4-0.8t0.8-0.4h1.1v-6.8h-1.1q-0.5 0-0.8-0.4t-0.4-0.8v-2.3q0-0.5 0.4-0.8t0.8-0.4h6.8q0.5 0 0.8 0.4t0.4 0.8v10.3h1.1q0.5 0 0.8 0.4t0.3 0.8zM9.2 3.4v3.4q0 0.5-0.4 0.8t-0.8 0.4h-4.6q-0.4 0-0.8-0.4t-0.4-0.8v-3.4q0-0.4 0.4-0.8t0.8-0.4h4.6q0.5 0 0.8 0.4t0.4 0.8z\"\/><\/svg><\/span><\/a><\/li><\/ul><\/div>","protected":false},"excerpt":{"rendered":"<p>Hier finden Sie alle Wolfsmonitor-Beitr\u00e4ge aus dem Februar 2019. Albrecht und Lies genehmigen Absch\u00fcsse \u2013 Erster Widerstand, 1. Februar 2019 Heimliche Entnahme eines Wolfes in Niedersachsen? \u2013 GzSdW: \u201cFalsche Entscheidung korrigieren!\u201d, 1. Februar 2019 Offener Brief an Olaf Lies: Wolfsberater beklagen Intransparenz der Genehmigung zum Abschuss eines Wolfs, 2. Februar 2019 92 Prozent halten Wolfsabschuss [&hellip;]<\/p>\n<div class=\"shariff shariff-align-center shariff-widget-align-center\" data-services=\"facebook%7Ctwitter\" data-url=\"https%3A%2F%2Fwolfsmonitor.de%2F%3Fpage_id%3D16394\" data-timestamp=\"1551344715\" data-backendurl=\"?rest_route=\/shariff\/v1\/share_counts&\"><ul class=\"shariff-buttons theme-color orientation-horizontal buttonsize-small\"><li class=\"shariff-button facebook shariff-nocustomcolor\" style=\"background-color:#4273c8\"><a href=\"https:\/\/www.facebook.com\/sharer\/sharer.php?u=https%3A%2F%2Fwolfsmonitor.de%2F%3Fpage_id%3D16394\" title=\"Bei Facebook teilen\" aria-label=\"Bei Facebook teilen\" role=\"button\" rel=\"nofollow\" class=\"shariff-link\" style=\"; background-color:#3b5998; color:#fff\" target=\"_blank\"><span class=\"shariff-icon\" style=\"\"><svg width=\"32px\" height=\"20px\" xmlns=\"http:\/\/www.w3.org\/2000\/svg\" viewBox=\"0 0 18 32\"><path fill=\"#3b5998\" d=\"M17.1 0.2v4.7h-2.8q-1.5 0-2.1 0.6t-0.5 1.9v3.4h5.2l-0.7 5.3h-4.5v13.6h-5.5v-13.6h-4.5v-5.3h4.5v-3.9q0-3.3 1.9-5.2t5-1.8q2.6 0 4.1 0.2z\"\/><\/svg><\/span><span class=\"shariff-text\">teilen<\/span>&nbsp;<span data-service=\"facebook\" style=\"color:#3b5998\" class=\"shariff-count shariff-hidezero\"><\/span>&nbsp;<\/a><\/li><li class=\"shariff-button twitter shariff-nocustomcolor\" style=\"background-color:#32bbf5\"><a href=\"https:\/\/twitter.com\/share?url=https%3A%2F%2Fwolfsmonitor.de%2F%3Fpage_id%3D16394&text=Beitr%C3%A4ge%20Februar%202019\" title=\"Bei Twitter teilen\" aria-label=\"Bei Twitter teilen\" role=\"button\" rel=\"noopener nofollow\" class=\"shariff-link\" style=\"; background-color:#55acee; color:#fff\" target=\"_blank\"><span class=\"shariff-icon\" style=\"\"><svg width=\"32px\" height=\"20px\" xmlns=\"http:\/\/www.w3.org\/2000\/svg\" viewBox=\"0 0 30 32\"><path fill=\"#55acee\" d=\"M29.7 6.8q-1.2 1.8-3 3.1 0 0.3 0 0.8 0 2.5-0.7 4.9t-2.2 4.7-3.5 4-4.9 2.8-6.1 1q-5.1 0-9.3-2.7 0.6 0.1 1.5 0.1 4.3 0 7.6-2.6-2-0.1-3.5-1.2t-2.2-3q0.6 0.1 1.1 0.1 0.8 0 1.6-0.2-2.1-0.4-3.5-2.1t-1.4-3.9v-0.1q1.3 0.7 2.8 0.8-1.2-0.8-2-2.2t-0.7-2.9q0-1.7 0.8-3.1 2.3 2.8 5.5 4.5t7 1.9q-0.2-0.7-0.2-1.4 0-2.5 1.8-4.3t4.3-1.8q2.7 0 4.5 1.9 2.1-0.4 3.9-1.5-0.7 2.2-2.7 3.4 1.8-0.2 3.5-0.9z\"\/><\/svg><\/span><span class=\"shariff-text\">twittern<\/span>&nbsp;<span data-service=\"twitter\" style=\"color:#55acee\" class=\"shariff-count shariff-hidezero\"><\/span>&nbsp;<\/a><\/li><li class=\"shariff-button rss shariff-nocustomcolor\" style=\"background-color:#ff8c00\"><a href=\"https:\/\/wolfsmonitor.de\/?feed=rss\" title=\"RSS-feed\" aria-label=\"RSS-feed\" role=\"button\" class=\"shariff-link\" style=\"; background-color:#fe9312; color:#fff\" target=\"_blank\"><span class=\"shariff-icon\" style=\"\"><svg width=\"32px\" height=\"20px\" xmlns=\"http:\/\/www.w3.org\/2000\/svg\" viewBox=\"0 0 32 32\"><path fill=\"#fe9312\" d=\"M4.3 23.5c-2.3 0-4.3 1.9-4.3 4.3 0 2.3 1.9 4.2 4.3 4.2 2.4 0 4.3-1.9 4.3-4.2 0-2.3-1.9-4.3-4.3-4.3zM0 10.9v6.1c4 0 7.7 1.6 10.6 4.4 2.8 2.8 4.4 6.6 4.4 10.6h6.2c0-11.7-9.5-21.1-21.1-21.1zM0 0v6.1c14.2 0 25.8 11.6 25.8 25.9h6.2c0-17.6-14.4-32-32-32z\"\/><\/svg><\/span><span class=\"shariff-text\">RSS-feed<\/span>&nbsp;<\/a><\/li><li class=\"shariff-button mailto shariff-nocustomcolor\" style=\"background-color:#a8a8a8\"><a href=\"mailto:?body=https%3A%2F%2Fwolfsmonitor.de%2F%3Fpage_id%3D16394&subject=Beitr%C3%A4ge%20Februar%202019\" title=\"Per E-Mail versenden\" aria-label=\"Per E-Mail versenden\" role=\"button\" rel=\"noopener nofollow\" class=\"shariff-link\" style=\"; background-color:#999; color:#fff\"><span class=\"shariff-icon\" style=\"\"><svg width=\"32px\" height=\"20px\" xmlns=\"http:\/\/www.w3.org\/2000\/svg\" viewBox=\"0 0 32 32\"><path fill=\"#999\" d=\"M32 12.7v14.2q0 1.2-0.8 2t-2 0.9h-26.3q-1.2 0-2-0.9t-0.8-2v-14.2q0.8 0.9 1.8 1.6 6.5 4.4 8.9 6.1 1 0.8 1.6 1.2t1.7 0.9 2 0.4h0.1q0.9 0 2-0.4t1.7-0.9 1.6-1.2q3-2.2 8.9-6.1 1-0.7 1.8-1.6zM32 7.4q0 1.4-0.9 2.7t-2.2 2.2q-6.7 4.7-8.4 5.8-0.2 0.1-0.7 0.5t-1 0.7-0.9 0.6-1.1 0.5-0.9 0.2h-0.1q-0.4 0-0.9-0.2t-1.1-0.5-0.9-0.6-1-0.7-0.7-0.5q-1.6-1.1-4.7-3.2t-3.6-2.6q-1.1-0.7-2.1-2t-1-2.5q0-1.4 0.7-2.3t2.1-0.9h26.3q1.2 0 2 0.8t0.9 2z\"\/><\/svg><\/span><span class=\"shariff-text\">E-Mail<\/span>&nbsp;<\/a><\/li><li class=\"shariff-button info shariff-nocustomcolor\" style=\"background-color:#a8a8a8\"><a href=\"http:\/\/ct.de\/-2467514\" title=\"Weitere Informationen\" aria-label=\"Weitere Informationen\" role=\"button\" rel=\"noopener \" class=\"shariff-link\" style=\"; background-color:#999; color:#fff\" target=\"_blank\"><span class=\"shariff-icon\" style=\"\"><svg width=\"32px\" height=\"20px\" xmlns=\"http:\/\/www.w3.org\/2000\/svg\" viewBox=\"0 0 11 32\"><path fill=\"#999\" d=\"M11.4 24v2.3q0 0.5-0.3 0.8t-0.8 0.4h-9.1q-0.5 0-0.8-0.4t-0.4-0.8v-2.3q0-0.5 0.4-0.8t0.8-0.4h1.1v-6.8h-1.1q-0.5 0-0.8-0.4t-0.4-0.8v-2.3q0-0.5 0.4-0.8t0.8-0.4h6.8q0.5 0 0.8 0.4t0.4 0.8v10.3h1.1q0.5 0 0.8 0.4t0.3 0.8zM9.2 3.4v3.4q0 0.5-0.4 0.8t-0.8 0.4h-4.6q-0.4 0-0.8-0.4t-0.4-0.8v-3.4q0-0.4 0.4-0.8t0.8-0.4h4.6q0.5 0 0.8 0.4t0.4 0.8z\"\/><\/svg><\/span><\/a><\/li><\/ul><\/div>","protected":false},"author":1,"featured_media":0,"parent":15987,"menu_order":2,"comment_status":"closed","ping_status":"closed","template":"","meta":{"spay_email":""},"jetpack_shortlink":"https:\/\/wp.me\/P61YbU-4gq","jetpack-related-posts":[{"id":18286,"url":"https:\/\/wolfsmonitor.de\/?page_id=18286","url_meta":{"origin":16394,"position":0},"title":"Beitr\u00e4ge Februar 2020","date":"1. Februar 2020","format":false,"excerpt":"Hier finden Sie alle Beitr\u00e4ge aus dem Februar 2020, dem achtundf\u00fcnfzigsten Monat dieses Blogs! Bitte klicken Sie direkt auf den gew\u00fcnschten Titel in der Menueauswahl oder auf folgende, chronologisch angeordnete Beitrags\u00fcberschriften: Muttertier des Knappenroder II Rudels erschossen und vergraben, 1. Februar 2020 Wolfsabsch\u00fcsse keine L\u00f6sung \u2013 eher versch\u00e4rft sich dadurch\u2026","rel":"","context":"\u00c4hnlicher Beitrag","img":{"alt_text":"","src":"","width":0,"height":0},"classes":[]},{"id":12386,"url":"https:\/\/wolfsmonitor.de\/?page_id=12386","url_meta":{"origin":16394,"position":1},"title":"Beitr\u00e4ge Februar 2018","date":"1. Februar 2018","format":false,"excerpt":"Hier finden Sie alle Wolfsmonitor-Beitr\u00e4ge aus dem Februar 2018! Bitte klicken Sie direkt auf den gew\u00fcnschten Titel im \"Klappmenue\" oben unter \"Beitr\u00e4ge\" oder auf folgende, chronologisch angeordnete Beitrags\u00fcberschriften: \u201eUnser Auftrag ist es, zu berichten \u2013 nicht auf Grundlage von Mutma\u00dfungen Panik zu verbreiten\u201c!, 1. Februar 2018 Erster Wolf in Sachsen\u2026","rel":"","context":"\u00c4hnlicher Beitrag","img":{"alt_text":"","src":"","width":0,"height":0},"classes":[]},{"id":2376,"url":"https:\/\/wolfsmonitor.de\/?page_id=2376","url_meta":{"origin":16394,"position":2},"title":"Beitr\u00e4ge Februar 2016","date":"1. Februar 2016","format":false,"excerpt":"Hier finden Sie alle Beitr\u00e4ge aus dem Februar 2016, dem elften Monat des Blogs! Bitte klicken Sie direkt auf den gew\u00fcnschten Titel im \"Klappmenue\" oben oder auf folgende, chronologisch angeordnete Beitrags\u00fcberschriften: Vorwurf der praktizierten \"Salami-Taktik\" durch den NDR, 1. Februar 2016 Meinungsspiegel - W\u00f6lfe im Januar, 3. Februar 2016 Bundesweite\u2026","rel":"","context":"\u00c4hnlicher Beitrag","img":{"alt_text":"","src":"","width":0,"height":0},"classes":[]},{"id":7591,"url":"https:\/\/wolfsmonitor.de\/?page_id=7591","url_meta":{"origin":16394,"position":3},"title":"Beitr\u00e4ge Februar 2017","date":"1. Februar 2017","format":false,"excerpt":"Hier finden Sie alle Beitr\u00e4ge aus dem\u00a0 Februar 2017! Bitte klicken Sie direkt auf den gew\u00fcnschten Titel im \u201eKlappmenue\u201c oben oder auf folgende, chronologisch angeordnete Beitrags\u00fcberschriften: Die grobe Richtung stimmt!, 1. Februar 2017 Mecklenburg-Vorpommern: Fotofalle weist drittes Wolfsrudel in der Kali\u00dfer Heide nach, 1. Februar 2017 Nachweis von zwei W\u00f6lfen\u2026","rel":"","context":"\u00c4hnlicher Beitrag","img":{"alt_text":"","src":"","width":0,"height":0},"classes":[]},{"id":18552,"url":"https:\/\/wolfsmonitor.de\/?page_id=18552","url_meta":{"origin":16394,"position":4},"title":"Beitr\u00e4ge aus dem Jahr 2021","date":"13. Februar 2021","format":false,"excerpt":"Geschossener Wolf, Cancel Culture und staatliche Geheimniskr\u00e4merei, 13. Februar 2021","rel":"","context":"\u00c4hnlicher Beitrag","img":{"alt_text":"","src":"","width":0,"height":0},"classes":[]},{"id":15990,"url":"https:\/\/wolfsmonitor.de\/?page_id=15990","url_meta":{"origin":16394,"position":5},"title":"Beitr\u00e4ge Januar 2019","date":"1. Januar 2019","format":false,"excerpt":"Hier finden Sie alle Wolfsmonitor-Beitr\u00e4ge aus dem Januar 2019. FAZ: Kl\u00f6ckners Wolfsbrandbrief ist \"kontraproduktive Effekthascherei\", 1. Januar 2019 Die Wolfsmonitor-Retrospektive auf das Wolfsjahr 2018 \u2013 Teil 2 \u2013 Februar, 2. Januar 2019 Gespr\u00e4ch \u00fcber Kl\u00f6ckners Brandbrief Mitte Januar, 3. Januar 2019 Wolfsmonitor-Retrospektive auf das Wolfsjahr 2018 \u2013 Teil 3 \u2013\u2026","rel":"","context":"\u00c4hnlicher Beitrag","img":{"alt_text":"","src":"","width":0,"height":0},"classes":[]}],"_links":{"self":[{"href":"https:\/\/wolfsmonitor.de\/index.php?rest_route=\/wp\/v2\/pages\/16394"}],"collection":[{"href":"https:\/\/wolfsmonitor.de\/index.php?rest_route=\/wp\/v2\/pages"}],"about":[{"href":"https:\/\/wolfsmonitor.de\/index.php?rest_route=\/wp\/v2\/types\/page"}],"author":[{"embeddable":true,"href":"https:\/\/wolfsmonitor.de\/index.php?rest_route=\/wp\/v2\/users\/1"}],"replies":[{"embeddable":true,"href":"https:\/\/wolfsmonitor.de\/index.php?rest_route=%2Fwp%2Fv2%2Fcomments&post=16394"}],"version-history":[{"count":34,"href":"https:\/\/wolfsmonitor.de\/index.php?rest_route=\/wp\/v2\/pages\/16394\/revisions"}],"predecessor-version":[{"id":16865,"href":"https:\/\/wolfsmonitor.de\/index.php?rest_route=\/wp\/v2\/pages\/16394\/revisions\/16865"}],"up":[{"embeddable":true,"href":"https:\/\/wolfsmonitor.de\/index.php?rest_route=\/wp\/v2\/pages\/15987"}],"wp:attachment":[{"href":"https:\/\/wolfsmonitor.de\/index.php?rest_route=%2Fwp%2Fv2%2Fmedia&parent=16394"}],"curies":[{"name":"wp","href":"https:\/\/api.w.org\/{rel}","templated":true}]}}