{"id":17373,"date":"2019-06-02T21:09:22","date_gmt":"2019-06-02T19:09:22","guid":{"rendered":"https:\/\/wolfsmonitor.de\/?page_id=17373"},"modified":"2019-06-26T18:22:58","modified_gmt":"2019-06-26T16:22:58","slug":"beitraege-juni-2019","status":"publish","type":"page","link":"https:\/\/wolfsmonitor.de\/?page_id=17373","title":{"rendered":"Beitr\u00e4ge Juni 2019"},"content":{"rendered":"<p>Hier finden Sie alle Wolfsmonitor-Beitr\u00e4ge aus dem Juni 2019.<\/p>\n<ol>\n<li><span style=\"color: #0000ff;\"><a style=\"color: #0000ff;\" href=\"https:\/\/wolfsmonitor.de\/?p=17370\" target=\"_blank\" rel=\"noopener noreferrer\">Ungleiche Zukunfts\u00e4ngste: Klimawandel und W\u00f6lfe<\/a>,<\/span> 2. Juni 2019<\/li>\n<li><a href=\"https:\/\/wolfsmonitor.de\/?p=17382\" target=\"_blank\" rel=\"noopener noreferrer\"><span style=\"color: #0000ff;\">Vertrauensnotstand<\/span><\/a>, 3. Juni 2019<\/li>\n<li><a href=\"https:\/\/wolfsmonitor.de\/?p=17387\" target=\"_blank\" rel=\"noopener noreferrer\"><span style=\"color: #0000ff;\">Wanderverein fordert Regulierung von W\u00f6lfen<\/span><\/a>, 6. Juni 2019<\/li>\n<li><span style=\"color: #0000ff;\"><a style=\"color: #0000ff;\" href=\"https:\/\/wolfsmonitor.de\/?p=17396\" target=\"_blank\" rel=\"noopener noreferrer\">Dorsche, Heringe und W\u00f6lfe<\/a><\/span>, 8. Juni 2019<\/li>\n<li><a href=\"https:\/\/wolfsmonitor.de\/?p=17418\" target=\"_blank\" rel=\"noopener noreferrer\"><span style=\"color: #0000ff;\">Elf Verb\u00e4nde pr\u00e4sentieren gemeinsame Standards zum Schutz von Wolf und Weidetieren<\/span><\/a>, 12. Juni 2019<\/li>\n<li><span style=\"color: #0000ff;\"><a style=\"color: #0000ff;\" href=\"https:\/\/wolfsmonitor.de\/?p=17423\" target=\"_blank\" rel=\"noopener noreferrer\">Wolfschutzverein \u201eentsetzt\u201c \u00fcber Verb\u00e4ndevorschlag<\/a>,<\/span> 16. Juni 2019<\/li>\n<li><a href=\"https:\/\/wolfsmonitor.de\/?p=17432\" target=\"_blank\" rel=\"noopener noreferrer\"><span style=\"color: #0000ff;\">Fehlerhafter Beitrag: Jetzt hat es auch die Neue Osnabr\u00fccker Zeitung (NOZ) \u201eerwischt\u201c&#8230;<\/span><\/a>, 22. Juni 2019<\/li>\n<li><span style=\"color: #0000ff;\"><a style=\"color: #0000ff;\" href=\"https:\/\/wolfsmonitor.de\/?p=17457\" target=\"_blank\" rel=\"noopener noreferrer\">NABU: Geplante &#8222;Lex Wolf&#8220; unn\u00f6tig!<\/a><\/span>, 26. Juni 2019<\/li>\n<\/ol>\n<p>Sie k\u00f6nnen die Beitr\u00e4ge auch nach \u201cKategorien\u201d geordnet aufrufen. Bitte nutzen Sie dazu die gleichnamige Auswahl in der rechten Seitenleiste!<\/p>\n<p>Viel Spa\u00df beim Lesen!<\/p>\n<p>Ihr<\/p>\n<p>J\u00fcrgen Vogler<\/p>\n<div class=\"shariff shariff-align-center shariff-widget-align-center\" data-services=\"facebook%7Ctwitter\" data-url=\"https%3A%2F%2Fwolfsmonitor.de%2F%3Fpage_id%3D17373\" data-timestamp=\"1561573378\" data-backendurl=\"?rest_route=\/shariff\/v1\/share_counts&\"><ul class=\"shariff-buttons theme-color orientation-horizontal buttonsize-small\"><li class=\"shariff-button facebook shariff-nocustomcolor\" style=\"background-color:#4273c8\"><a href=\"https:\/\/www.facebook.com\/sharer\/sharer.php?u=https%3A%2F%2Fwolfsmonitor.de%2F%3Fpage_id%3D17373\" title=\"Bei Facebook teilen\" aria-label=\"Bei Facebook teilen\" role=\"button\" rel=\"nofollow\" class=\"shariff-link\" style=\"; background-color:#3b5998; color:#fff\" target=\"_blank\"><span class=\"shariff-icon\" style=\"\"><svg width=\"32px\" height=\"20px\" xmlns=\"http:\/\/www.w3.org\/2000\/svg\" viewBox=\"0 0 18 32\"><path fill=\"#3b5998\" d=\"M17.1 0.2v4.7h-2.8q-1.5 0-2.1 0.6t-0.5 1.9v3.4h5.2l-0.7 5.3h-4.5v13.6h-5.5v-13.6h-4.5v-5.3h4.5v-3.9q0-3.3 1.9-5.2t5-1.8q2.6 0 4.1 0.2z\"\/><\/svg><\/span><span class=\"shariff-text\">teilen<\/span>&nbsp;<span data-service=\"facebook\" style=\"color:#3b5998\" class=\"shariff-count shariff-hidezero\"><\/span>&nbsp;<\/a><\/li><li class=\"shariff-button twitter shariff-nocustomcolor\" style=\"background-color:#32bbf5\"><a href=\"https:\/\/twitter.com\/share?url=https%3A%2F%2Fwolfsmonitor.de%2F%3Fpage_id%3D17373&text=Beitr%C3%A4ge%20Juni%202019\" title=\"Bei Twitter teilen\" aria-label=\"Bei Twitter teilen\" role=\"button\" rel=\"noopener nofollow\" class=\"shariff-link\" style=\"; background-color:#55acee; color:#fff\" target=\"_blank\"><span class=\"shariff-icon\" style=\"\"><svg width=\"32px\" height=\"20px\" xmlns=\"http:\/\/www.w3.org\/2000\/svg\" viewBox=\"0 0 30 32\"><path fill=\"#55acee\" d=\"M29.7 6.8q-1.2 1.8-3 3.1 0 0.3 0 0.8 0 2.5-0.7 4.9t-2.2 4.7-3.5 4-4.9 2.8-6.1 1q-5.1 0-9.3-2.7 0.6 0.1 1.5 0.1 4.3 0 7.6-2.6-2-0.1-3.5-1.2t-2.2-3q0.6 0.1 1.1 0.1 0.8 0 1.6-0.2-2.1-0.4-3.5-2.1t-1.4-3.9v-0.1q1.3 0.7 2.8 0.8-1.2-0.8-2-2.2t-0.7-2.9q0-1.7 0.8-3.1 2.3 2.8 5.5 4.5t7 1.9q-0.2-0.7-0.2-1.4 0-2.5 1.8-4.3t4.3-1.8q2.7 0 4.5 1.9 2.1-0.4 3.9-1.5-0.7 2.2-2.7 3.4 1.8-0.2 3.5-0.9z\"\/><\/svg><\/span><span class=\"shariff-text\">twittern<\/span>&nbsp;<span data-service=\"twitter\" style=\"color:#55acee\" class=\"shariff-count shariff-hidezero\"><\/span>&nbsp;<\/a><\/li><li class=\"shariff-button rss shariff-nocustomcolor\" style=\"background-color:#ff8c00\"><a href=\"https:\/\/wolfsmonitor.de\/?feed=rss\" title=\"RSS-feed\" aria-label=\"RSS-feed\" role=\"button\" class=\"shariff-link\" style=\"; background-color:#fe9312; color:#fff\" target=\"_blank\"><span class=\"shariff-icon\" style=\"\"><svg width=\"32px\" height=\"20px\" xmlns=\"http:\/\/www.w3.org\/2000\/svg\" viewBox=\"0 0 32 32\"><path fill=\"#fe9312\" d=\"M4.3 23.5c-2.3 0-4.3 1.9-4.3 4.3 0 2.3 1.9 4.2 4.3 4.2 2.4 0 4.3-1.9 4.3-4.2 0-2.3-1.9-4.3-4.3-4.3zM0 10.9v6.1c4 0 7.7 1.6 10.6 4.4 2.8 2.8 4.4 6.6 4.4 10.6h6.2c0-11.7-9.5-21.1-21.1-21.1zM0 0v6.1c14.2 0 25.8 11.6 25.8 25.9h6.2c0-17.6-14.4-32-32-32z\"\/><\/svg><\/span><span class=\"shariff-text\">RSS-feed<\/span>&nbsp;<\/a><\/li><li class=\"shariff-button mailto shariff-nocustomcolor\" style=\"background-color:#a8a8a8\"><a href=\"mailto:?body=https%3A%2F%2Fwolfsmonitor.de%2F%3Fpage_id%3D17373&subject=Beitr%C3%A4ge%20Juni%202019\" title=\"Per E-Mail versenden\" aria-label=\"Per E-Mail versenden\" role=\"button\" rel=\"noopener nofollow\" class=\"shariff-link\" style=\"; background-color:#999; color:#fff\"><span class=\"shariff-icon\" style=\"\"><svg width=\"32px\" height=\"20px\" xmlns=\"http:\/\/www.w3.org\/2000\/svg\" viewBox=\"0 0 32 32\"><path fill=\"#999\" d=\"M32 12.7v14.2q0 1.2-0.8 2t-2 0.9h-26.3q-1.2 0-2-0.9t-0.8-2v-14.2q0.8 0.9 1.8 1.6 6.5 4.4 8.9 6.1 1 0.8 1.6 1.2t1.7 0.9 2 0.4h0.1q0.9 0 2-0.4t1.7-0.9 1.6-1.2q3-2.2 8.9-6.1 1-0.7 1.8-1.6zM32 7.4q0 1.4-0.9 2.7t-2.2 2.2q-6.7 4.7-8.4 5.8-0.2 0.1-0.7 0.5t-1 0.7-0.9 0.6-1.1 0.5-0.9 0.2h-0.1q-0.4 0-0.9-0.2t-1.1-0.5-0.9-0.6-1-0.7-0.7-0.5q-1.6-1.1-4.7-3.2t-3.6-2.6q-1.1-0.7-2.1-2t-1-2.5q0-1.4 0.7-2.3t2.1-0.9h26.3q1.2 0 2 0.8t0.9 2z\"\/><\/svg><\/span><span class=\"shariff-text\">E-Mail<\/span>&nbsp;<\/a><\/li><li class=\"shariff-button info shariff-nocustomcolor\" style=\"background-color:#a8a8a8\"><a href=\"http:\/\/ct.de\/-2467514\" title=\"Weitere Informationen\" aria-label=\"Weitere Informationen\" role=\"button\" rel=\"noopener \" class=\"shariff-link\" style=\"; background-color:#999; color:#fff\" target=\"_blank\"><span class=\"shariff-icon\" style=\"\"><svg width=\"32px\" height=\"20px\" xmlns=\"http:\/\/www.w3.org\/2000\/svg\" viewBox=\"0 0 11 32\"><path fill=\"#999\" d=\"M11.4 24v2.3q0 0.5-0.3 0.8t-0.8 0.4h-9.1q-0.5 0-0.8-0.4t-0.4-0.8v-2.3q0-0.5 0.4-0.8t0.8-0.4h1.1v-6.8h-1.1q-0.5 0-0.8-0.4t-0.4-0.8v-2.3q0-0.5 0.4-0.8t0.8-0.4h6.8q0.5 0 0.8 0.4t0.4 0.8v10.3h1.1q0.5 0 0.8 0.4t0.3 0.8zM9.2 3.4v3.4q0 0.5-0.4 0.8t-0.8 0.4h-4.6q-0.4 0-0.8-0.4t-0.4-0.8v-3.4q0-0.4 0.4-0.8t0.8-0.4h4.6q0.5 0 0.8 0.4t0.4 0.8z\"\/><\/svg><\/span><\/a><\/li><\/ul><\/div>","protected":false},"excerpt":{"rendered":"<p>Hier finden Sie alle Wolfsmonitor-Beitr\u00e4ge aus dem Juni 2019. Ungleiche Zukunfts\u00e4ngste: Klimawandel und W\u00f6lfe, 2. Juni 2019 Vertrauensnotstand, 3. Juni 2019 Wanderverein fordert Regulierung von W\u00f6lfen, 6. Juni 2019 Dorsche, Heringe und W\u00f6lfe, 8. Juni 2019 Elf Verb\u00e4nde pr\u00e4sentieren gemeinsame Standards zum Schutz von Wolf und Weidetieren, 12. Juni 2019 Wolfschutzverein \u201eentsetzt\u201c \u00fcber Verb\u00e4ndevorschlag, 16. [&hellip;]<\/p>\n<div class=\"shariff shariff-align-center shariff-widget-align-center\" data-services=\"facebook%7Ctwitter\" data-url=\"https%3A%2F%2Fwolfsmonitor.de%2F%3Fpage_id%3D17373\" data-timestamp=\"1561573378\" data-backendurl=\"?rest_route=\/shariff\/v1\/share_counts&\"><ul class=\"shariff-buttons theme-color orientation-horizontal buttonsize-small\"><li class=\"shariff-button facebook shariff-nocustomcolor\" style=\"background-color:#4273c8\"><a href=\"https:\/\/www.facebook.com\/sharer\/sharer.php?u=https%3A%2F%2Fwolfsmonitor.de%2F%3Fpage_id%3D17373\" title=\"Bei Facebook teilen\" aria-label=\"Bei Facebook teilen\" role=\"button\" rel=\"nofollow\" class=\"shariff-link\" style=\"; background-color:#3b5998; color:#fff\" target=\"_blank\"><span class=\"shariff-icon\" style=\"\"><svg width=\"32px\" height=\"20px\" xmlns=\"http:\/\/www.w3.org\/2000\/svg\" viewBox=\"0 0 18 32\"><path fill=\"#3b5998\" d=\"M17.1 0.2v4.7h-2.8q-1.5 0-2.1 0.6t-0.5 1.9v3.4h5.2l-0.7 5.3h-4.5v13.6h-5.5v-13.6h-4.5v-5.3h4.5v-3.9q0-3.3 1.9-5.2t5-1.8q2.6 0 4.1 0.2z\"\/><\/svg><\/span><span class=\"shariff-text\">teilen<\/span>&nbsp;<span data-service=\"facebook\" style=\"color:#3b5998\" class=\"shariff-count shariff-hidezero\"><\/span>&nbsp;<\/a><\/li><li class=\"shariff-button twitter shariff-nocustomcolor\" style=\"background-color:#32bbf5\"><a href=\"https:\/\/twitter.com\/share?url=https%3A%2F%2Fwolfsmonitor.de%2F%3Fpage_id%3D17373&text=Beitr%C3%A4ge%20Juni%202019\" title=\"Bei Twitter teilen\" aria-label=\"Bei Twitter teilen\" role=\"button\" rel=\"noopener nofollow\" class=\"shariff-link\" style=\"; background-color:#55acee; color:#fff\" target=\"_blank\"><span class=\"shariff-icon\" style=\"\"><svg width=\"32px\" height=\"20px\" xmlns=\"http:\/\/www.w3.org\/2000\/svg\" viewBox=\"0 0 30 32\"><path fill=\"#55acee\" d=\"M29.7 6.8q-1.2 1.8-3 3.1 0 0.3 0 0.8 0 2.5-0.7 4.9t-2.2 4.7-3.5 4-4.9 2.8-6.1 1q-5.1 0-9.3-2.7 0.6 0.1 1.5 0.1 4.3 0 7.6-2.6-2-0.1-3.5-1.2t-2.2-3q0.6 0.1 1.1 0.1 0.8 0 1.6-0.2-2.1-0.4-3.5-2.1t-1.4-3.9v-0.1q1.3 0.7 2.8 0.8-1.2-0.8-2-2.2t-0.7-2.9q0-1.7 0.8-3.1 2.3 2.8 5.5 4.5t7 1.9q-0.2-0.7-0.2-1.4 0-2.5 1.8-4.3t4.3-1.8q2.7 0 4.5 1.9 2.1-0.4 3.9-1.5-0.7 2.2-2.7 3.4 1.8-0.2 3.5-0.9z\"\/><\/svg><\/span><span class=\"shariff-text\">twittern<\/span>&nbsp;<span data-service=\"twitter\" style=\"color:#55acee\" class=\"shariff-count shariff-hidezero\"><\/span>&nbsp;<\/a><\/li><li class=\"shariff-button rss shariff-nocustomcolor\" style=\"background-color:#ff8c00\"><a href=\"https:\/\/wolfsmonitor.de\/?feed=rss\" title=\"RSS-feed\" aria-label=\"RSS-feed\" role=\"button\" class=\"shariff-link\" style=\"; background-color:#fe9312; color:#fff\" target=\"_blank\"><span class=\"shariff-icon\" style=\"\"><svg width=\"32px\" height=\"20px\" xmlns=\"http:\/\/www.w3.org\/2000\/svg\" viewBox=\"0 0 32 32\"><path fill=\"#fe9312\" d=\"M4.3 23.5c-2.3 0-4.3 1.9-4.3 4.3 0 2.3 1.9 4.2 4.3 4.2 2.4 0 4.3-1.9 4.3-4.2 0-2.3-1.9-4.3-4.3-4.3zM0 10.9v6.1c4 0 7.7 1.6 10.6 4.4 2.8 2.8 4.4 6.6 4.4 10.6h6.2c0-11.7-9.5-21.1-21.1-21.1zM0 0v6.1c14.2 0 25.8 11.6 25.8 25.9h6.2c0-17.6-14.4-32-32-32z\"\/><\/svg><\/span><span class=\"shariff-text\">RSS-feed<\/span>&nbsp;<\/a><\/li><li class=\"shariff-button mailto shariff-nocustomcolor\" style=\"background-color:#a8a8a8\"><a href=\"mailto:?body=https%3A%2F%2Fwolfsmonitor.de%2F%3Fpage_id%3D17373&subject=Beitr%C3%A4ge%20Juni%202019\" title=\"Per E-Mail versenden\" aria-label=\"Per E-Mail versenden\" role=\"button\" rel=\"noopener nofollow\" class=\"shariff-link\" style=\"; background-color:#999; color:#fff\"><span class=\"shariff-icon\" style=\"\"><svg width=\"32px\" height=\"20px\" xmlns=\"http:\/\/www.w3.org\/2000\/svg\" viewBox=\"0 0 32 32\"><path fill=\"#999\" d=\"M32 12.7v14.2q0 1.2-0.8 2t-2 0.9h-26.3q-1.2 0-2-0.9t-0.8-2v-14.2q0.8 0.9 1.8 1.6 6.5 4.4 8.9 6.1 1 0.8 1.6 1.2t1.7 0.9 2 0.4h0.1q0.9 0 2-0.4t1.7-0.9 1.6-1.2q3-2.2 8.9-6.1 1-0.7 1.8-1.6zM32 7.4q0 1.4-0.9 2.7t-2.2 2.2q-6.7 4.7-8.4 5.8-0.2 0.1-0.7 0.5t-1 0.7-0.9 0.6-1.1 0.5-0.9 0.2h-0.1q-0.4 0-0.9-0.2t-1.1-0.5-0.9-0.6-1-0.7-0.7-0.5q-1.6-1.1-4.7-3.2t-3.6-2.6q-1.1-0.7-2.1-2t-1-2.5q0-1.4 0.7-2.3t2.1-0.9h26.3q1.2 0 2 0.8t0.9 2z\"\/><\/svg><\/span><span class=\"shariff-text\">E-Mail<\/span>&nbsp;<\/a><\/li><li class=\"shariff-button info shariff-nocustomcolor\" style=\"background-color:#a8a8a8\"><a href=\"http:\/\/ct.de\/-2467514\" title=\"Weitere Informationen\" aria-label=\"Weitere Informationen\" role=\"button\" rel=\"noopener \" class=\"shariff-link\" style=\"; background-color:#999; color:#fff\" target=\"_blank\"><span class=\"shariff-icon\" style=\"\"><svg width=\"32px\" height=\"20px\" xmlns=\"http:\/\/www.w3.org\/2000\/svg\" viewBox=\"0 0 11 32\"><path fill=\"#999\" d=\"M11.4 24v2.3q0 0.5-0.3 0.8t-0.8 0.4h-9.1q-0.5 0-0.8-0.4t-0.4-0.8v-2.3q0-0.5 0.4-0.8t0.8-0.4h1.1v-6.8h-1.1q-0.5 0-0.8-0.4t-0.4-0.8v-2.3q0-0.5 0.4-0.8t0.8-0.4h6.8q0.5 0 0.8 0.4t0.4 0.8v10.3h1.1q0.5 0 0.8 0.4t0.3 0.8zM9.2 3.4v3.4q0 0.5-0.4 0.8t-0.8 0.4h-4.6q-0.4 0-0.8-0.4t-0.4-0.8v-3.4q0-0.4 0.4-0.8t0.8-0.4h4.6q0.5 0 0.8 0.4t0.4 0.8z\"\/><\/svg><\/span><\/a><\/li><\/ul><\/div>","protected":false},"author":1,"featured_media":0,"parent":15987,"menu_order":6,"comment_status":"closed","ping_status":"closed","template":"","meta":{"spay_email":""},"jetpack_shortlink":"https:\/\/wp.me\/P61YbU-4wd","jetpack-related-posts":[{"id":9126,"url":"https:\/\/wolfsmonitor.de\/?page_id=9126","url_meta":{"origin":17373,"position":0},"title":"Beitr\u00e4ge Juni 2017","date":"1. Juni 2017","format":false,"excerpt":"Hier finden Sie alle Wolfsmonitor-Beitr\u00e4ge aus dem Juni 2017! Bitte klicken Sie direkt auf den gew\u00fcnschten Titel im \"Klappmenue\" oben unter \"Beitr\u00e4ge\" oder auf folgende, chronologisch angeordnete Beitrags\u00fcberschriften: W\u00f6lfe: Ein gelungenes Portrait von Petra Ahne, 1. Juni 2017 Deutscher Jagdverband kritisiert Internetauftritt des Bundes zum Wolf, 1. Juni 2017 Sachsen-Anhalt:\u2026","rel":"","context":"\u00c4hnlicher Beitrag","img":{"alt_text":"","src":"","width":0,"height":0},"classes":[]},{"id":3733,"url":"https:\/\/wolfsmonitor.de\/?page_id=3733","url_meta":{"origin":17373,"position":1},"title":"Beitr\u00e4ge Juni 2016","date":"2. Juni 2016","format":false,"excerpt":"Hier finden Sie alle Beitr\u00e4ge aus dem Juni 2016! Bitte klicken Sie direkt auf den gew\u00fcnschten Titel im \"Klappmenue\" oben oder auf folgende, chronologisch angeordnete Beitrags\u00fcberschriften: Kein M\u00e4rchen: Wolf rei\u00dft sieben Gei\u00dflein \u2013 auf einen Streich!, 2. Juni 2016 Gastautor Dr. Wolf Kribben: \"FDP-Forderung zu W\u00f6lfen in NRW inakzeptabel!\", 2.\u2026","rel":"","context":"\u00c4hnlicher Beitrag","img":{"alt_text":"","src":"","width":0,"height":0},"classes":[]},{"id":846,"url":"https:\/\/wolfsmonitor.de\/?page_id=846","url_meta":{"origin":17373,"position":2},"title":"Beitr\u00e4ge Juni 2015","date":"19. Juli 2015","format":false,"excerpt":"Hier finden Sie alle Beitr\u00e4ge aus dem Juni 2015, dem dritten Monat des Blogs! Bitte klicken Sie direkt auf den gew\u00fcnschten Titel in der Menueauswahl oder auf folgende, chronologisch angeordnete Beitrags\u00fcberschriften: Interview: 3 Antworten von Gitta Connemann, 3. Juni 2015 Frustrierter Wolfsberater schmei\u00dft hin, 5. Juni 2015 Lokale Unterst\u00fctzung von\u2026","rel":"","context":"\u00c4hnlicher Beitrag","img":{"alt_text":"","src":"","width":0,"height":0},"classes":[]},{"id":13890,"url":"https:\/\/wolfsmonitor.de\/?page_id=13890","url_meta":{"origin":17373,"position":3},"title":"Beitr\u00e4ge Juni 2018","date":"1. Juni 2018","format":false,"excerpt":"Hier finden Sie alle Wolfsmonitor-Beitr\u00e4ge aus dem Juni 2018. Bitte klicken Sie direkt auf den gew\u00fcnschten Titel im \"Klappmenue\" oben unter \"Beitr\u00e4ge\" oder auf folgende, chronologisch angeordnete Beitrags\u00fcberschriften: Ruhepause an der \u201eWolfsfront\u201c?\u2026, 1. Juni 2018 Studie zeigt: 1769 Wolfsrudel in Deutschland denkbar, 2. Juni 2018 Wolfskritische Verb\u00e4nde in der \u201eL\u00fcckenfalle\u201c,\u2026","rel":"","context":"\u00c4hnlicher Beitrag","img":{"alt_text":"","src":"","width":0,"height":0},"classes":[]},{"id":880,"url":"https:\/\/wolfsmonitor.de\/?page_id=880","url_meta":{"origin":17373,"position":4},"title":"Thesen 6 bis 9","date":"20. Juli 2015","format":false,"excerpt":"Hier finden Sie die Wolfsmonitor-Thesen 6 bis 9! Bitte w\u00e4hlen Sie den gew\u00fcnschten Titel im sich \u00f6ffnenden Auswahlfenster in der Navigationsleiste oder durch einen direkten Klick auf nachfolgende, chronologisch angeordnete Beitrags\u00fcberschriften: 6. These: Lokale Unterst\u00fctzung von Medienvertretern \u2013 eine Utopie?, 09. Juni 2015 7. These: Herden-Schutzhunde: Probleml\u00f6ser oder -verursacher?, 17.\u2026","rel":"","context":"\u00c4hnlicher Beitrag","img":{"alt_text":"","src":"","width":0,"height":0},"classes":[]},{"id":17464,"url":"https:\/\/wolfsmonitor.de\/?page_id=17464","url_meta":{"origin":17373,"position":5},"title":"Beitr\u00e4ge Juli 2019","date":"2. Juli 2019","format":false,"excerpt":"Hier finden Sie alle Wolfsmonitor-Beitr\u00e4ge aus dem Juli 2019. Empfangsst\u00f6rung?, 2. Juli 2019 Wolfsrisse? Nein, eher Sensationsgier!, 4. Juli 2019 Live and let die..., 6. Juli 2019 Erster Schafhalter gibt auf und hat eine Botschaft. Ich auch!, 10. Juli 201 Der \u201e40.000-W\u00f6lfe-Prophet\u201c tritt als CDU-Fraktionschef zur\u00fcck, 13. Juli 2019 \"Sch\u00e4ferst\u00fcndchen\",\u2026","rel":"","context":"\u00c4hnlicher Beitrag","img":{"alt_text":"","src":"","width":0,"height":0},"classes":[]}],"_links":{"self":[{"href":"https:\/\/wolfsmonitor.de\/index.php?rest_route=\/wp\/v2\/pages\/17373"}],"collection":[{"href":"https:\/\/wolfsmonitor.de\/index.php?rest_route=\/wp\/v2\/pages"}],"about":[{"href":"https:\/\/wolfsmonitor.de\/index.php?rest_route=\/wp\/v2\/types\/page"}],"author":[{"embeddable":true,"href":"https:\/\/wolfsmonitor.de\/index.php?rest_route=\/wp\/v2\/users\/1"}],"replies":[{"embeddable":true,"href":"https:\/\/wolfsmonitor.de\/index.php?rest_route=%2Fwp%2Fv2%2Fcomments&post=17373"}],"version-history":[{"count":9,"href":"https:\/\/wolfsmonitor.de\/index.php?rest_route=\/wp\/v2\/pages\/17373\/revisions"}],"predecessor-version":[{"id":17462,"href":"https:\/\/wolfsmonitor.de\/index.php?rest_route=\/wp\/v2\/pages\/17373\/revisions\/17462"}],"up":[{"embeddable":true,"href":"https:\/\/wolfsmonitor.de\/index.php?rest_route=\/wp\/v2\/pages\/15987"}],"wp:attachment":[{"href":"https:\/\/wolfsmonitor.de\/index.php?rest_route=%2Fwp%2Fv2%2Fmedia&parent=17373"}],"curies":[{"name":"wp","href":"https:\/\/api.w.org\/{rel}","templated":true}]}}